{"id":2280,"date":"2019-07-28T17:46:49","date_gmt":"2019-07-28T15:46:49","guid":{"rendered":"http:\/\/umi.dm.unibo.it\/congresso2019\/?page_id=2280"},"modified":"2023-08-29T11:48:00","modified_gmt":"2023-08-29T09:48:00","slug":"s19-logica-matematica","status":"publish","type":"page","link":"https:\/\/umi.dm.unibo.it\/congresso2023\/programma\/sezioni\/s19-logica-matematica\/","title":{"rendered":"S20 &#8211; Logica Matematica"},"content":{"rendered":"<p><strong>Le comunicazione si <\/strong><b>terranno nei giorni mercoled\u00ec 6, gioved\u00ec 7 e venerd\u00ec 8 settembre, Polo Fibonacci, Aula F1<\/b><\/p>\n<table border=\"0\" frame=\"VOID\" rules=\"NONE\" cellspacing=\"0\">\n<colgroup>\n<col width=\"114\" \/>\n<col width=\"114\" \/>\n<col width=\"114\" \/>\n<col width=\"114\" \/><\/colgroup>\n<tbody>\n<tr>\n<td align=\"LEFT\" width=\"114\" height=\"22\"><span style=\"color: #000000; font-family: Helvetica;\">Claudio<\/span><\/td>\n<td align=\"LEFT\" width=\"114\"><span style=\"color: #000000; font-family: Helvetica;\">Agostini<\/span><\/td>\n<td align=\"LEFT\" width=\"114\"><span style=\"color: #000000; font-family: Helvetica;\">Universita di Torino<\/span><\/td>\n<td align=\"LEFT\" width=\"114\"><span style=\"color: #000000; font-family: Helvetica;\">Colorful actions of monoids, finite and infinite<\/span><\/td>\n<td align=\"LEFT\" nowrap=\"nowrap\" width=\"auto\"><span style=\"color: #000000; font-family: Helvetica;\">ore 11.40-12.00, mercoled\u00ec 6 settembre<\/span><\/td>\n<\/tr>\n<tr>\n<td align=\"LEFT\" height=\"22\"><span style=\"color: #000000; font-family: Helvetica;\">Gianluca<\/span><\/td>\n<td align=\"LEFT\"><span style=\"color: #000000; font-family: Helvetica;\">Basso<\/span><\/td>\n<td align=\"LEFT\"><span style=\"color: #000000; font-family: Helvetica;\">Universit\u00e9 Claude Bernard Lyon 1<\/span><\/td>\n<td align=\"LEFT\"><span style=\"color: #000000; font-family: Helvetica;\">Groups with the Generic Point Property<\/span><\/td>\n<td align=\"LEFT\" nowrap=\"nowrap\" width=\"auto\"><span style=\"color: #000000; font-family: Helvetica;\">ore 12.40-13.00, mercoled\u00ec 6 settembre<\/span><\/td>\n<\/tr>\n<tr>\n<td align=\"LEFT\" height=\"22\"><span style=\"color: #000000; font-family: Helvetica;\">Luca<\/span><\/td>\n<td align=\"LEFT\"><span style=\"color: #000000; font-family: Helvetica;\">Carai<\/span><\/td>\n<td align=\"LEFT\"><span style=\"color: #000000; font-family: Helvetica;\">Universit\u00e0 \u00a0di Salerno<\/span><\/td>\n<td align=\"LEFT\"><span style=\"color: #000000; font-family: Helvetica;\">Modal companions of monadic intuitionistic logic<\/span><\/td>\n<td align=\"LEFT\" nowrap=\"nowrap\" width=\"auto\"><span style=\"color: #000000; font-family: Helvetica;\">ore 11.40-12.00, gioved\u00ec 7 settembre<\/span><\/td>\n<\/tr>\n<tr>\n<td align=\"LEFT\" height=\"22\"><span style=\"color: #000000; font-family: Helvetica;\">Annalisa<\/span><\/td>\n<td align=\"LEFT\"><span style=\"color: #000000; font-family: Helvetica;\">Conversano<\/span><\/td>\n<td align=\"LEFT\"><span style=\"color: #000000; font-family: Helvetica;\">Massey University Auckland, New Zealand<\/span><\/td>\n<td align=\"LEFT\"><span style=\"color: #000000; font-family: Helvetica;\">Amenability, Euler characteristic and o-minimality<\/span><\/td>\n<td align=\"LEFT\" nowrap=\"nowrap\" width=\"auto\"><span style=\"color: #000000; font-family: Helvetica;\">ore 11.00-11.40, mercoled\u00ec 6 settembre<\/span><\/td>\n<\/tr>\n<tr>\n<td align=\"LEFT\" height=\"22\"><span style=\"color: #000000; font-family: Helvetica;\">Anna<\/span><\/td>\n<td align=\"LEFT\"><span style=\"color: #000000; font-family: Helvetica;\">De Mase<\/span><\/td>\n<td align=\"LEFT\"><span style=\"color: #000000; font-family: Helvetica;\">Universit\u00e0 della Campania\u00a0<\/span><\/td>\n<td align=\"LEFT\"><span style=\"color: #000000; font-family: Helvetica;\">On model theory of mixed characteristic henselian valued fields<\/span><\/td>\n<td align=\"LEFT\" nowrap=\"nowrap\" width=\"auto\"><span style=\"color: #000000; font-family: Helvetica;\">ore 12.00-12.20, mercoled\u00ec 6 settembre<\/span><\/td>\n<\/tr>\n<tr>\n<td align=\"LEFT\" height=\"22\"><span style=\"color: #000000; font-family: Helvetica;\">Giulio<\/span><\/td>\n<td align=\"LEFT\"><span style=\"color: #000000; font-family: Helvetica;\">Fellin<\/span><\/td>\n<td align=\"LEFT\"><span style=\"color: #000000; font-family: Helvetica;\">Universit\u00e0 di Verona<\/span><\/td>\n<td align=\"LEFT\"><span style=\"color: #000000; font-family: Helvetica;\">Glivenko-style results for abstract entailment relations<\/span><\/td>\n<td align=\"LEFT\" nowrap=\"nowrap\" width=\"auto\"><span style=\"color: #000000; font-family: Helvetica;\">ore 12.20-12.40, gioved\u00ec 7 settembre<\/span><\/td>\n<\/tr>\n<tr>\n<td align=\"LEFT\" height=\"22\"><span style=\"color: #000000; font-family: Helvetica;\">Marta<\/span><\/td>\n<td align=\"LEFT\"><span style=\"color: #000000; font-family: Helvetica;\">Fiori Carones<\/span><\/td>\n<td align=\"LEFT\"><span style=\"color: #000000; font-family: Helvetica;\">Istituto di matematica Sobolev, Russia<\/span><\/td>\n<td align=\"LEFT\"><span style=\"color: #000000; font-family: Helvetica;\">Una comparazione della comparazione tra teoremi<\/span><\/td>\n<td align=\"LEFT\" nowrap=\"nowrap\" width=\"auto\"><span style=\"color: #000000; font-family: Helvetica;\">ore 12.00-12.20, venerd\u00ec 8 settembre<\/span><\/td>\n<\/tr>\n<tr>\n<td align=\"LEFT\" height=\"22\"><span style=\"color: #000000; font-family: Helvetica;\">Serafina<\/span><\/td>\n<td align=\"LEFT\"><span style=\"color: #000000; font-family: Helvetica;\">Lapenta<\/span><\/td>\n<td align=\"LEFT\"><span style=\"color: #000000; font-family: Helvetica;\">Universit\u00e0 di Salerno<\/span><\/td>\n<td align=\"LEFT\"><span style=\"color: #000000; font-family: Helvetica;\">de Finetti coherence in infinitary logic<\/span><\/td>\n<td align=\"LEFT\" nowrap=\"nowrap\" width=\"auto\"><span style=\"color: #000000; font-family: Helvetica;\">ore 11.40-12.00, venerd\u00ec 8 settembre<\/span><\/td>\n<\/tr>\n<tr>\n<td align=\"LEFT\" height=\"22\"><span style=\"color: #000000; font-family: Helvetica;\">Samuele<\/span><\/td>\n<td align=\"LEFT\"><span style=\"color: #000000; font-family: Helvetica;\">Maschio<\/span><\/td>\n<td align=\"LEFT\"><span style=\"color: #000000; font-family: Helvetica;\">Universit\u00e0 di Padova<\/span><\/td>\n<td align=\"LEFT\"><span style=\"color: #000000; font-family: Helvetica;\">A constructive predicative variant of Hyland\u2019s effective topos<\/span><\/td>\n<td align=\"LEFT\" nowrap=\"nowrap\" width=\"auto\"><span style=\"color: #000000; font-family: Helvetica;\">ore 12.40-13.00, venerd\u00ec 8 settembre<\/span><\/td>\n<\/tr>\n<tr>\n<td align=\"LEFT\" height=\"22\"><span style=\"color: #000000; font-family: Helvetica;\">Rosario<\/span><\/td>\n<td align=\"LEFT\"><span style=\"color: #000000; font-family: Helvetica;\">Mennuni<\/span><\/td>\n<td align=\"LEFT\"><span style=\"color: #000000; font-family: Helvetica;\">Universit\u00e0 di Pisa<\/span><\/td>\n<td align=\"LEFT\"><span style=\"color: #000000; font-family: Helvetica;\">The amalgamation property for automorphisms of ordered abelian groups<\/span><\/td>\n<td align=\"LEFT\" nowrap=\"nowrap\" width=\"auto\"><span style=\"color: #000000; font-family: Helvetica;\">ore 12.20-12.40, mercoled\u00ec 6 settembre<\/span><\/td>\n<\/tr>\n<tr>\n<td align=\"LEFT\" height=\"22\"><span style=\"color: #000000; font-family: Helvetica;\">Mariaclara<\/span><\/td>\n<td align=\"LEFT\"><span style=\"color: #000000; font-family: Helvetica;\">Ragosta<\/span><\/td>\n<td align=\"LEFT\"><span style=\"color: #000000; font-family: Helvetica;\">Universit\u00e0 di Pisa<\/span><\/td>\n<td align=\"LEFT\"><span style=\"color: #000000; font-family: Helvetica;\">Central Sets and infinite monochromatic exponential patterns<\/span><\/td>\n<td align=\"LEFT\" nowrap=\"nowrap\" width=\"auto\"><span style=\"color: #000000; font-family: Helvetica;\">ore 12.00-12.20, gioved\u00ec 7 settembre<\/span><\/td>\n<\/tr>\n<tr>\n<td align=\"LEFT\" height=\"22\"><span style=\"color: #000000; font-family: Helvetica;\">Luca<\/span><\/td>\n<td align=\"LEFT\"><span style=\"color: #000000; font-family: Helvetica;\">Reggio<\/span><\/td>\n<td align=\"LEFT\"><span style=\"color: #000000; font-family: Helvetica;\">University College London<\/span><\/td>\n<td align=\"LEFT\"><span style=\"color: #000000; font-family: Helvetica;\">Polyadic spaces, homomorphism counting and omega-categorical theories<\/span><\/td>\n<td align=\"LEFT\" nowrap=\"nowrap\" width=\"auto\"><span style=\"color: #000000; font-family: Helvetica;\">ore 11.00-11.40, gioved\u00ec 7 settembre<\/span><\/td>\n<\/tr>\n<tr>\n<td align=\"LEFT\" height=\"22\"><span style=\"color: #000000; font-family: Helvetica;\">Riccardo<\/span><\/td>\n<td align=\"LEFT\"><span style=\"color: #000000; font-family: Helvetica;\">Treglia<\/span><\/td>\n<td align=\"LEFT\"><span style=\"color: #000000; font-family: Helvetica;\">Universit\u00e0 di Bologna<\/span><\/td>\n<td align=\"LEFT\"><span style=\"color: #000000; font-family: Helvetica;\">The Dynamics of Filter Models<\/span><\/td>\n<td align=\"LEFT\" nowrap=\"nowrap\" width=\"auto\"><span style=\"color: #000000; font-family: Helvetica;\">ore 12.20-12.40, venerd\u00ec 8 settembre<\/span><\/td>\n<\/tr>\n<tr>\n<td align=\"LEFT\" height=\"22\"><span style=\"color: #000000; font-family: Helvetica;\">Davide<\/span><\/td>\n<td align=\"LEFT\"><span style=\"color: #000000; font-family: Helvetica;\">Trotta<\/span><\/td>\n<td align=\"LEFT\"><span style=\"color: #000000; font-family: Helvetica;\">Universit\u00e0 di Pisa<\/span><\/td>\n<td align=\"LEFT\"><span style=\"color: #000000; font-family: Helvetica;\">Generalizzazioni della fasci<\/span><\/td>\n<td align=\"LEFT\" nowrap=\"nowrap\" width=\"auto\"><span style=\"color: #000000; font-family: Helvetica;\">ore 12.40-13.00, gioved\u00ec 7 settembre<\/span><\/td>\n<\/tr>\n<tr>\n<td align=\"LEFT\" height=\"24\"><span style=\"color: #000000; font-family: Helvetica;\">Andrea<\/span><\/td>\n<td align=\"LEFT\"><span style=\"color: #000000; font-family: Helvetica;\">Vaccaro<\/span><\/td>\n<td align=\"LEFT\"><span style=\"color: #000000; font-family: Helvetica;\">University of M\u00fcnster<\/span><\/td>\n<td align=\"LEFT\"><span style=\"color: #000000; font-family: Helvetica;\">Model Theory and Games on Classifiable C\u2217-algebras<\/span><\/td>\n<td align=\"LEFT\" nowrap=\"nowrap\" width=\"auto\"><span style=\"color: #000000; font-family: Helvetica;\">ore 11.00-11.40, venerd\u00ec 8 settembre<\/span><\/td>\n<\/tr>\n<\/tbody>\n<\/table>\n","protected":false},"excerpt":{"rendered":"<p>Le comunicazione si terranno nei giorni mercoled\u00ec 6, gioved\u00ec 7 e venerd\u00ec 8 settembre, Polo Fibonacci, Aula F1 Claudio Agostini Universita di Torino Colorful actions of monoids, finite and infinite ore 11.40-12.00, mercoled\u00ec 6 settembre Gianluca Basso Universit\u00e9 Claude Bernard Lyon 1 Groups with the Generic Point Property ore 12.40-13.00, mercoled\u00ec 6 settembre Luca Carai [&hellip;]<\/p>\n","protected":false},"author":3,"featured_media":0,"parent":205,"menu_order":19,"comment_status":"closed","ping_status":"closed","template":"","meta":{"footnotes":""},"yoast_head":"<!-- This site is optimized with the Yoast SEO plugin v21.0 - https:\/\/yoast.com\/wordpress\/plugins\/seo\/ -->\n<title>S20 - Logica Matematica - Congresso UMI 2023<\/title>\n<meta name=\"robots\" content=\"index, follow, max-snippet:-1, max-image-preview:large, max-video-preview:-1\" \/>\n<link rel=\"canonical\" href=\"https:\/\/umi.dm.unibo.it\/congresso2023\/programma\/sezioni\/s19-logica-matematica\/\" \/>\n<meta property=\"og:locale\" content=\"it_IT\" \/>\n<meta property=\"og:type\" content=\"article\" \/>\n<meta property=\"og:title\" content=\"S20 - Logica Matematica - Congresso UMI 2023\" \/>\n<meta property=\"og:description\" content=\"Le comunicazione si terranno nei giorni mercoled\u00ec 6, gioved\u00ec 7 e venerd\u00ec 8 settembre, Polo Fibonacci, Aula F1 Claudio Agostini Universita di Torino Colorful actions of monoids, finite and infinite ore 11.40-12.00, mercoled\u00ec 6 settembre Gianluca Basso Universit\u00e9 Claude Bernard Lyon 1 Groups with the Generic Point Property ore 12.40-13.00, mercoled\u00ec 6 settembre Luca Carai [&hellip;]\" \/>\n<meta property=\"og:url\" content=\"https:\/\/umi.dm.unibo.it\/congresso2023\/programma\/sezioni\/s19-logica-matematica\/\" \/>\n<meta property=\"og:site_name\" content=\"Congresso UMI 2023\" \/>\n<meta property=\"article:modified_time\" content=\"2023-08-29T09:48:00+00:00\" \/>\n<meta name=\"twitter:label1\" content=\"Tempo di lettura stimato\" \/>\n\t<meta name=\"twitter:data1\" content=\"2 minuti\" \/>\n<script type=\"application\/ld+json\" class=\"yoast-schema-graph\">{\"@context\":\"https:\/\/schema.org\",\"@graph\":[{\"@type\":\"WebPage\",\"@id\":\"https:\/\/umi.dm.unibo.it\/congresso2023\/programma\/sezioni\/s19-logica-matematica\/\",\"url\":\"https:\/\/umi.dm.unibo.it\/congresso2023\/programma\/sezioni\/s19-logica-matematica\/\",\"name\":\"S20 - Logica Matematica - Congresso UMI 2023\",\"isPartOf\":{\"@id\":\"https:\/\/umi.dm.unibo.it\/congresso2023\/#website\"},\"datePublished\":\"2019-07-28T15:46:49+00:00\",\"dateModified\":\"2023-08-29T09:48:00+00:00\",\"breadcrumb\":{\"@id\":\"https:\/\/umi.dm.unibo.it\/congresso2023\/programma\/sezioni\/s19-logica-matematica\/#breadcrumb\"},\"inLanguage\":\"it-IT\",\"potentialAction\":[{\"@type\":\"ReadAction\",\"target\":[\"https:\/\/umi.dm.unibo.it\/congresso2023\/programma\/sezioni\/s19-logica-matematica\/\"]}]},{\"@type\":\"BreadcrumbList\",\"@id\":\"https:\/\/umi.dm.unibo.it\/congresso2023\/programma\/sezioni\/s19-logica-matematica\/#breadcrumb\",\"itemListElement\":[{\"@type\":\"ListItem\",\"position\":1,\"name\":\"Home\",\"item\":\"https:\/\/umi.dm.unibo.it\/congresso2023\/\"},{\"@type\":\"ListItem\",\"position\":2,\"name\":\"Programma\",\"item\":\"https:\/\/umi.dm.unibo.it\/congresso2023\/programma\/\"},{\"@type\":\"ListItem\",\"position\":3,\"name\":\"Sezioni\",\"item\":\"https:\/\/umi.dm.unibo.it\/congresso2023\/programma\/sezioni\/\"},{\"@type\":\"ListItem\",\"position\":4,\"name\":\"S20 &#8211; Logica Matematica\"}]},{\"@type\":\"WebSite\",\"@id\":\"https:\/\/umi.dm.unibo.it\/congresso2023\/#website\",\"url\":\"https:\/\/umi.dm.unibo.it\/congresso2023\/\",\"name\":\"Congresso UMI 2023\",\"description\":\"Un nuovo sito targato WordPress\",\"potentialAction\":[{\"@type\":\"SearchAction\",\"target\":{\"@type\":\"EntryPoint\",\"urlTemplate\":\"https:\/\/umi.dm.unibo.it\/congresso2023\/?s={search_term_string}\"},\"query-input\":\"required name=search_term_string\"}],\"inLanguage\":\"it-IT\"}]}<\/script>\n<!-- \/ Yoast SEO plugin. -->","yoast_head_json":{"title":"S20 - Logica Matematica - Congresso UMI 2023","robots":{"index":"index","follow":"follow","max-snippet":"max-snippet:-1","max-image-preview":"max-image-preview:large","max-video-preview":"max-video-preview:-1"},"canonical":"https:\/\/umi.dm.unibo.it\/congresso2023\/programma\/sezioni\/s19-logica-matematica\/","og_locale":"it_IT","og_type":"article","og_title":"S20 - Logica Matematica - Congresso UMI 2023","og_description":"Le comunicazione si terranno nei giorni mercoled\u00ec 6, gioved\u00ec 7 e venerd\u00ec 8 settembre, Polo Fibonacci, Aula F1 Claudio Agostini Universita di Torino Colorful actions of monoids, finite and infinite ore 11.40-12.00, mercoled\u00ec 6 settembre Gianluca Basso Universit\u00e9 Claude Bernard Lyon 1 Groups with the Generic Point Property ore 12.40-13.00, mercoled\u00ec 6 settembre Luca Carai [&hellip;]","og_url":"https:\/\/umi.dm.unibo.it\/congresso2023\/programma\/sezioni\/s19-logica-matematica\/","og_site_name":"Congresso UMI 2023","article_modified_time":"2023-08-29T09:48:00+00:00","twitter_misc":{"Tempo di lettura stimato":"2 minuti"},"schema":{"@context":"https:\/\/schema.org","@graph":[{"@type":"WebPage","@id":"https:\/\/umi.dm.unibo.it\/congresso2023\/programma\/sezioni\/s19-logica-matematica\/","url":"https:\/\/umi.dm.unibo.it\/congresso2023\/programma\/sezioni\/s19-logica-matematica\/","name":"S20 - Logica Matematica - Congresso UMI 2023","isPartOf":{"@id":"https:\/\/umi.dm.unibo.it\/congresso2023\/#website"},"datePublished":"2019-07-28T15:46:49+00:00","dateModified":"2023-08-29T09:48:00+00:00","breadcrumb":{"@id":"https:\/\/umi.dm.unibo.it\/congresso2023\/programma\/sezioni\/s19-logica-matematica\/#breadcrumb"},"inLanguage":"it-IT","potentialAction":[{"@type":"ReadAction","target":["https:\/\/umi.dm.unibo.it\/congresso2023\/programma\/sezioni\/s19-logica-matematica\/"]}]},{"@type":"BreadcrumbList","@id":"https:\/\/umi.dm.unibo.it\/congresso2023\/programma\/sezioni\/s19-logica-matematica\/#breadcrumb","itemListElement":[{"@type":"ListItem","position":1,"name":"Home","item":"https:\/\/umi.dm.unibo.it\/congresso2023\/"},{"@type":"ListItem","position":2,"name":"Programma","item":"https:\/\/umi.dm.unibo.it\/congresso2023\/programma\/"},{"@type":"ListItem","position":3,"name":"Sezioni","item":"https:\/\/umi.dm.unibo.it\/congresso2023\/programma\/sezioni\/"},{"@type":"ListItem","position":4,"name":"S20 &#8211; Logica Matematica"}]},{"@type":"WebSite","@id":"https:\/\/umi.dm.unibo.it\/congresso2023\/#website","url":"https:\/\/umi.dm.unibo.it\/congresso2023\/","name":"Congresso UMI 2023","description":"Un nuovo sito targato WordPress","potentialAction":[{"@type":"SearchAction","target":{"@type":"EntryPoint","urlTemplate":"https:\/\/umi.dm.unibo.it\/congresso2023\/?s={search_term_string}"},"query-input":"required name=search_term_string"}],"inLanguage":"it-IT"}]}},"_links":{"self":[{"href":"https:\/\/umi.dm.unibo.it\/congresso2023\/wp-json\/wp\/v2\/pages\/2280"}],"collection":[{"href":"https:\/\/umi.dm.unibo.it\/congresso2023\/wp-json\/wp\/v2\/pages"}],"about":[{"href":"https:\/\/umi.dm.unibo.it\/congresso2023\/wp-json\/wp\/v2\/types\/page"}],"author":[{"embeddable":true,"href":"https:\/\/umi.dm.unibo.it\/congresso2023\/wp-json\/wp\/v2\/users\/3"}],"replies":[{"embeddable":true,"href":"https:\/\/umi.dm.unibo.it\/congresso2023\/wp-json\/wp\/v2\/comments?post=2280"}],"version-history":[{"count":16,"href":"https:\/\/umi.dm.unibo.it\/congresso2023\/wp-json\/wp\/v2\/pages\/2280\/revisions"}],"predecessor-version":[{"id":6022,"href":"https:\/\/umi.dm.unibo.it\/congresso2023\/wp-json\/wp\/v2\/pages\/2280\/revisions\/6022"}],"up":[{"embeddable":true,"href":"https:\/\/umi.dm.unibo.it\/congresso2023\/wp-json\/wp\/v2\/pages\/205"}],"wp:attachment":[{"href":"https:\/\/umi.dm.unibo.it\/congresso2023\/wp-json\/wp\/v2\/media?parent=2280"}],"curies":[{"name":"wp","href":"https:\/\/api.w.org\/{rel}","templated":true}]}}