{"id":1525,"date":"2019-04-22T18:06:34","date_gmt":"2019-04-22T16:06:34","guid":{"rendered":"http:\/\/umi.dm.unibo.it\/congresso2019\/?page_id=1525"},"modified":"2023-09-04T14:08:33","modified_gmt":"2023-09-04T12:08:33","slug":"s4-calcolo-delle-variazioni-e-controllo","status":"publish","type":"page","link":"https:\/\/umi.dm.unibo.it\/congresso2023\/programma\/sezioni\/s4-calcolo-delle-variazioni-e-controllo\/","title":{"rendered":"S4 &#8211; Calcolo delle variazioni e controllo"},"content":{"rendered":"<p><strong>Le comunicazioni si terranno nei giorni luned\u00ec 4 e marted\u00ec 5 settembre, Polo Carmignani- Aula 2<\/strong><\/p>\n<p>&nbsp;<\/p>\n<table border=\"0\" frame=\"VOID\" rules=\"NONE\" cellspacing=\"0\">\n<colgroup>\n<col width=\"114\" \/>\n<col width=\"114\" \/>\n<col width=\"114\" \/>\n<col width=\"114\" \/><\/colgroup>\n<tbody>\n<tr>\n<td align=\"LEFT\" width=\"114\" height=\"23\"><span style=\"color: #000000; font-family: Helvetica;\">Davide<\/span><\/td>\n<td align=\"LEFT\" width=\"114\"><span style=\"color: #000000; font-family: HelveticaNeue;\">Barilari<\/span><\/td>\n<td align=\"LEFT\" width=\"114\"><span style=\"color: #000000; font-family: HelveticaNeue;\">Padova<\/span><\/td>\n<td align=\"LEFT\" width=\"114\"><span style=\"color: #000000; font-family: HelveticaNeue;\">Unified synthetic Ricci curvature lower bounds for Riemannian and sub-Riemannian structures<\/span><\/td>\n<td align=\"LEFT\" nowrap=\"nowrap\" width=\"auto\"><span style=\"color: #000000; font-family: Helvetica;\">ore 15.00-15.40, luned\u00ec 4 settembre<\/span><\/td>\n<\/tr>\n<tr>\n<td align=\"LEFT\" height=\"23\"><span style=\"color: #000000; font-family: Helvetica;\">Marco<\/span><\/td>\n<td align=\"LEFT\"><span style=\"color: #000000; font-family: HelveticaNeue;\">Caponigro<\/span><\/td>\n<td align=\"LEFT\"><span style=\"color: #000000; font-family: HelveticaNeue;\">Universit\u00e0 di Roma &#8220;Tor Vergata&#8221;<\/span><\/td>\n<td align=\"LEFT\"><span style=\"color: #000000; font-family: HelveticaNeue;\">Reachable sets of bilinear quantum systems<\/span><\/td>\n<td align=\"LEFT\" nowrap=\"nowrap\" width=\"auto\"><span style=\"color: #000000; font-family: Helvetica;\">ore 11.00-11.40, marted\u00ec 5 settembre<\/span><\/td>\n<\/tr>\n<tr>\n<td align=\"LEFT\" height=\"23\"><span style=\"color: #000000; font-family: Helvetica;\">Giulia<\/span><\/td>\n<td align=\"LEFT\"><span style=\"color: #000000; font-family: HelveticaNeue;\">Cavagnari<\/span><\/td>\n<td align=\"LEFT\"><span style=\"color: #000000; font-family: HelveticaNeue;\">Politecnico di Milano<\/span><\/td>\n<td align=\"LEFT\"><span style=\"color: #000000; font-family: HelveticaNeue;\">Buona positura e rappresentazione di soluzioni per evoluzioni dissipative in spazi di Wasserstein<\/span><\/td>\n<td align=\"LEFT\" nowrap=\"nowrap\" width=\"auto\"><span style=\"color: #000000; font-family: Helvetica;\">ore 11.40-12.00, marted\u00ec 5 settembre<\/span><\/td>\n<\/tr>\n<tr>\n<td align=\"LEFT\" height=\"23\"><span style=\"color: #000000; font-family: Helvetica;\">Marco<\/span><\/td>\n<td align=\"LEFT\"><span style=\"color: #000000; font-family: HelveticaNeue;\">Cirant<\/span><\/td>\n<td align=\"LEFT\"><span style=\"color: #000000; font-family: HelveticaNeue;\">Universit\u00e0 di Padova<\/span><\/td>\n<td align=\"LEFT\"><span style=\"color: #000000; font-family: HelveticaNeue;\">Mean Field Games with aggregation: existence and nonexistence of equilibria<\/span><\/td>\n<td align=\"LEFT\" nowrap=\"nowrap\" width=\"auto\"><span style=\"color: #000000; font-family: Helvetica;\">ore 15.40-16.00, luned\u00ec 4 settembre<\/span><\/td>\n<\/tr>\n<tr>\n<td align=\"LEFT\" height=\"23\"><span style=\"color: #000000; font-family: Helvetica;\">Francesca<\/span><\/td>\n<td align=\"LEFT\"><span style=\"color: #000000; font-family: HelveticaNeue;\">Corni<\/span><\/td>\n<td align=\"LEFT\"><span style=\"color: #000000; font-family: HelveticaNeue;\">Universit\u00e0 Bologna<\/span><\/td>\n<td align=\"LEFT\"><span style=\"color: #000000; font-family: HelveticaNeue;\">The fractional Laplacian through an analytic continuation in Carnot groups<\/span><\/td>\n<td align=\"LEFT\" nowrap=\"nowrap\" width=\"auto\"><span style=\"color: #000000; font-family: Helvetica;\">ore 15.40-16.00, luned\u00ec 4 settembre<\/span><\/td>\n<\/tr>\n<tr>\n<td align=\"LEFT\" height=\"23\"><span style=\"color: #000000; font-family: Helvetica;\">Simone<\/span><\/td>\n<td align=\"LEFT\"><span style=\"color: #000000; font-family: HelveticaNeue;\">Cito<\/span><\/td>\n<td align=\"LEFT\"><span style=\"color: #000000; font-family: HelveticaNeue;\">Universit\u00e0 del Salento<\/span><\/td>\n<td align=\"LEFT\"><span style=\"color: #000000; font-family: HelveticaNeue;\">Minimization of the Buckling Eigenvalues with Perimeter Constraint<\/span><\/td>\n<td align=\"LEFT\" nowrap=\"nowrap\" width=\"auto\"><span style=\"color: #000000; font-family: Helvetica;\">ore 18.25-18.45, marted\u00ec 5 settembre<\/span><\/td>\n<\/tr>\n<tr>\n<td align=\"LEFT\" height=\"23\"><span style=\"color: #000000; font-family: Helvetica;\">Filomena<\/span><\/td>\n<td align=\"LEFT\"><span style=\"color: #000000; font-family: HelveticaNeue;\">De Filippis<\/span><\/td>\n<td align=\"LEFT\"><span style=\"color: #000000; font-family: HelveticaNeue;\">Universit\u00e0 dell&#8217;Aquila<\/span><\/td>\n<td align=\"LEFT\"><span style=\"color: #000000; font-family: HelveticaNeue;\">Assenza del fenomeno di Lavrentiev per funzionali non-autonomi<\/span><\/td>\n<td align=\"LEFT\" nowrap=\"nowrap\" width=\"auto\"><span style=\"color: #000000; font-family: Helvetica;\">ore 12.40-13.00, marted\u00ec 5 settembre<\/span><\/td>\n<\/tr>\n<tr>\n<td align=\"LEFT\" height=\"23\"><span style=\"color: #000000; font-family: Helvetica;\">Matteo<\/span><\/td>\n<td align=\"LEFT\"><span style=\"color: #000000; font-family: HelveticaNeue;\">Focardi<\/span><\/td>\n<td align=\"LEFT\"><span style=\"color: #000000; font-family: HelveticaNeue;\">DiMaI, Universit\u00e0 di Firenze<\/span><\/td>\n<td align=\"LEFT\"><span style=\"color: #000000; font-family: HelveticaNeue;\">Phase-field approximation of a vectorial, geometrically nonlinear cohesive fracture energy<\/span><\/td>\n<td align=\"LEFT\" nowrap=\"nowrap\" width=\"auto\"><span style=\"color: #000000; font-family: Helvetica;\">ore 17.45-18.25, marted\u00ec 5 settembre<\/span><\/td>\n<\/tr>\n<tr>\n<td align=\"LEFT\" height=\"23\"><span style=\"color: #000000; font-family: Helvetica;\">Cristian<\/span><\/td>\n<td align=\"LEFT\"><span style=\"color: #000000; font-family: HelveticaNeue;\">Mendico<\/span><\/td>\n<td align=\"LEFT\"><span style=\"color: #000000; font-family: HelveticaNeue;\">Universit\u00e0 di Roma Tor Vergata<\/span><\/td>\n<td align=\"LEFT\"><span style=\"color: #000000; font-family: HelveticaNeue;\">Aubry-Mather theory for sub-Riemannian control systems<\/span><\/td>\n<td align=\"LEFT\" nowrap=\"nowrap\" width=\"auto\"><span style=\"color: #000000; font-family: Helvetica;\">ore 16.40-17.00, luned\u00ec 4 settembre<\/span><\/td>\n<\/tr>\n<tr>\n<td align=\"LEFT\" height=\"23\"><span style=\"color: #000000; font-family: Helvetica;\">Alessandra<\/span><\/td>\n<td align=\"LEFT\"><span style=\"color: #000000; font-family: HelveticaNeue;\">Pluda<\/span><\/td>\n<td align=\"LEFT\"><span style=\"color: #000000; font-family: HelveticaNeue;\">Universit\u00e0 di Pisa<\/span><\/td>\n<td align=\"LEFT\"><span style=\"color: #000000; font-family: HelveticaNeue;\">Coarsening nel flusso di network<\/span><\/td>\n<td align=\"LEFT\" nowrap=\"nowrap\" width=\"auto\"><span style=\"color: #000000; font-family: Helvetica;\">ore 16.45-17.15, marted\u00ec 5 settembre<\/span><\/td>\n<\/tr>\n<tr>\n<td align=\"LEFT\" height=\"23\"><span style=\"color: #000000; font-family: Helvetica;\">Riccarda<\/span><\/td>\n<td align=\"LEFT\"><span style=\"color: #000000; font-family: HelveticaNeue;\">Rossi<\/span><\/td>\n<td align=\"LEFT\"><span style=\"color: #000000; font-family: HelveticaNeue;\">Universit\u00e0 di Brescia<\/span><\/td>\n<td align=\"LEFT\"><span style=\"color: #000000; font-family: HelveticaNeue;\">Il principio di sovrapposizione per curve di misure con regolarita&#8217; temporale di tipo BV<\/span><\/td>\n<td align=\"LEFT\" nowrap=\"nowrap\" width=\"auto\"><span style=\"color: #000000; font-family: Helvetica;\">ore 16.00-16.40, luned\u00ec 4 settembre<\/span><\/td>\n<\/tr>\n<tr>\n<td align=\"LEFT\" height=\"23\"><span style=\"color: #000000; font-family: Helvetica;\">Salvatore<\/span><\/td>\n<td align=\"LEFT\"><span style=\"color: #000000; font-family: HelveticaNeue;\">Stuvard<\/span><\/td>\n<td align=\"LEFT\"><span style=\"color: #000000; font-family: HelveticaNeue;\">Universit\u00e0 \u00a0di Milano<\/span><\/td>\n<td align=\"LEFT\"><span style=\"color: #000000; font-family: HelveticaNeue;\">A capillarity theory approach to the analysis of soap films<\/span><\/td>\n<td align=\"LEFT\" nowrap=\"nowrap\" width=\"auto\"><span style=\"color: #000000; font-family: Helvetica;\">ore 17.15-17.45, marted\u00ec 5 settembre<\/span><\/td>\n<\/tr>\n<\/tbody>\n<\/table>\n","protected":false},"excerpt":{"rendered":"<p>Le comunicazioni si terranno nei giorni luned\u00ec 4 e marted\u00ec 5 settembre, Polo Carmignani- Aula 2 &nbsp; Davide Barilari Padova Unified synthetic Ricci curvature lower bounds for Riemannian and sub-Riemannian structures ore 15.00-15.40, luned\u00ec 4 settembre Marco Caponigro Universit\u00e0 di Roma &#8220;Tor Vergata&#8221; Reachable sets of bilinear quantum systems ore 11.00-11.40, marted\u00ec 5 settembre Giulia [&hellip;]<\/p>\n","protected":false},"author":3,"featured_media":0,"parent":205,"menu_order":0,"comment_status":"closed","ping_status":"closed","template":"","meta":{"footnotes":""},"yoast_head":"<!-- This site is optimized with the Yoast SEO plugin v21.0 - https:\/\/yoast.com\/wordpress\/plugins\/seo\/ -->\n<title>S4 - Calcolo delle variazioni e controllo - Congresso UMI 2023<\/title>\n<meta name=\"robots\" content=\"index, follow, max-snippet:-1, max-image-preview:large, max-video-preview:-1\" \/>\n<link rel=\"canonical\" href=\"https:\/\/umi.dm.unibo.it\/congresso2023\/programma\/sezioni\/s4-calcolo-delle-variazioni-e-controllo\/\" \/>\n<meta property=\"og:locale\" content=\"it_IT\" \/>\n<meta property=\"og:type\" content=\"article\" \/>\n<meta property=\"og:title\" content=\"S4 - Calcolo delle variazioni e controllo - Congresso UMI 2023\" \/>\n<meta property=\"og:description\" content=\"Le comunicazioni si terranno nei giorni luned\u00ec 4 e marted\u00ec 5 settembre, Polo Carmignani- Aula 2 &nbsp; Davide Barilari Padova Unified synthetic Ricci curvature lower bounds for Riemannian and sub-Riemannian structures ore 15.00-15.40, luned\u00ec 4 settembre Marco Caponigro Universit\u00e0 di Roma &#8220;Tor Vergata&#8221; Reachable sets of bilinear quantum systems ore 11.00-11.40, marted\u00ec 5 settembre Giulia [&hellip;]\" \/>\n<meta property=\"og:url\" content=\"https:\/\/umi.dm.unibo.it\/congresso2023\/programma\/sezioni\/s4-calcolo-delle-variazioni-e-controllo\/\" \/>\n<meta property=\"og:site_name\" content=\"Congresso UMI 2023\" \/>\n<meta property=\"article:modified_time\" content=\"2023-09-04T12:08:33+00:00\" \/>\n<meta name=\"twitter:label1\" content=\"Tempo di lettura stimato\" \/>\n\t<meta name=\"twitter:data1\" content=\"2 minuti\" \/>\n<script type=\"application\/ld+json\" class=\"yoast-schema-graph\">{\"@context\":\"https:\/\/schema.org\",\"@graph\":[{\"@type\":\"WebPage\",\"@id\":\"https:\/\/umi.dm.unibo.it\/congresso2023\/programma\/sezioni\/s4-calcolo-delle-variazioni-e-controllo\/\",\"url\":\"https:\/\/umi.dm.unibo.it\/congresso2023\/programma\/sezioni\/s4-calcolo-delle-variazioni-e-controllo\/\",\"name\":\"S4 - Calcolo delle variazioni e controllo - Congresso UMI 2023\",\"isPartOf\":{\"@id\":\"https:\/\/umi.dm.unibo.it\/congresso2023\/#website\"},\"datePublished\":\"2019-04-22T16:06:34+00:00\",\"dateModified\":\"2023-09-04T12:08:33+00:00\",\"breadcrumb\":{\"@id\":\"https:\/\/umi.dm.unibo.it\/congresso2023\/programma\/sezioni\/s4-calcolo-delle-variazioni-e-controllo\/#breadcrumb\"},\"inLanguage\":\"it-IT\",\"potentialAction\":[{\"@type\":\"ReadAction\",\"target\":[\"https:\/\/umi.dm.unibo.it\/congresso2023\/programma\/sezioni\/s4-calcolo-delle-variazioni-e-controllo\/\"]}]},{\"@type\":\"BreadcrumbList\",\"@id\":\"https:\/\/umi.dm.unibo.it\/congresso2023\/programma\/sezioni\/s4-calcolo-delle-variazioni-e-controllo\/#breadcrumb\",\"itemListElement\":[{\"@type\":\"ListItem\",\"position\":1,\"name\":\"Home\",\"item\":\"https:\/\/umi.dm.unibo.it\/congresso2023\/\"},{\"@type\":\"ListItem\",\"position\":2,\"name\":\"Programma\",\"item\":\"https:\/\/umi.dm.unibo.it\/congresso2023\/programma\/\"},{\"@type\":\"ListItem\",\"position\":3,\"name\":\"Sezioni\",\"item\":\"https:\/\/umi.dm.unibo.it\/congresso2023\/programma\/sezioni\/\"},{\"@type\":\"ListItem\",\"position\":4,\"name\":\"S4 &#8211; Calcolo delle variazioni e controllo\"}]},{\"@type\":\"WebSite\",\"@id\":\"https:\/\/umi.dm.unibo.it\/congresso2023\/#website\",\"url\":\"https:\/\/umi.dm.unibo.it\/congresso2023\/\",\"name\":\"Congresso UMI 2023\",\"description\":\"Un nuovo sito targato WordPress\",\"potentialAction\":[{\"@type\":\"SearchAction\",\"target\":{\"@type\":\"EntryPoint\",\"urlTemplate\":\"https:\/\/umi.dm.unibo.it\/congresso2023\/?s={search_term_string}\"},\"query-input\":\"required name=search_term_string\"}],\"inLanguage\":\"it-IT\"}]}<\/script>\n<!-- \/ Yoast SEO plugin. -->","yoast_head_json":{"title":"S4 - Calcolo delle variazioni e controllo - Congresso UMI 2023","robots":{"index":"index","follow":"follow","max-snippet":"max-snippet:-1","max-image-preview":"max-image-preview:large","max-video-preview":"max-video-preview:-1"},"canonical":"https:\/\/umi.dm.unibo.it\/congresso2023\/programma\/sezioni\/s4-calcolo-delle-variazioni-e-controllo\/","og_locale":"it_IT","og_type":"article","og_title":"S4 - Calcolo delle variazioni e controllo - Congresso UMI 2023","og_description":"Le comunicazioni si terranno nei giorni luned\u00ec 4 e marted\u00ec 5 settembre, Polo Carmignani- Aula 2 &nbsp; Davide Barilari Padova Unified synthetic Ricci curvature lower bounds for Riemannian and sub-Riemannian structures ore 15.00-15.40, luned\u00ec 4 settembre Marco Caponigro Universit\u00e0 di Roma &#8220;Tor Vergata&#8221; Reachable sets of bilinear quantum systems ore 11.00-11.40, marted\u00ec 5 settembre Giulia [&hellip;]","og_url":"https:\/\/umi.dm.unibo.it\/congresso2023\/programma\/sezioni\/s4-calcolo-delle-variazioni-e-controllo\/","og_site_name":"Congresso UMI 2023","article_modified_time":"2023-09-04T12:08:33+00:00","twitter_misc":{"Tempo di lettura stimato":"2 minuti"},"schema":{"@context":"https:\/\/schema.org","@graph":[{"@type":"WebPage","@id":"https:\/\/umi.dm.unibo.it\/congresso2023\/programma\/sezioni\/s4-calcolo-delle-variazioni-e-controllo\/","url":"https:\/\/umi.dm.unibo.it\/congresso2023\/programma\/sezioni\/s4-calcolo-delle-variazioni-e-controllo\/","name":"S4 - Calcolo delle variazioni e controllo - Congresso UMI 2023","isPartOf":{"@id":"https:\/\/umi.dm.unibo.it\/congresso2023\/#website"},"datePublished":"2019-04-22T16:06:34+00:00","dateModified":"2023-09-04T12:08:33+00:00","breadcrumb":{"@id":"https:\/\/umi.dm.unibo.it\/congresso2023\/programma\/sezioni\/s4-calcolo-delle-variazioni-e-controllo\/#breadcrumb"},"inLanguage":"it-IT","potentialAction":[{"@type":"ReadAction","target":["https:\/\/umi.dm.unibo.it\/congresso2023\/programma\/sezioni\/s4-calcolo-delle-variazioni-e-controllo\/"]}]},{"@type":"BreadcrumbList","@id":"https:\/\/umi.dm.unibo.it\/congresso2023\/programma\/sezioni\/s4-calcolo-delle-variazioni-e-controllo\/#breadcrumb","itemListElement":[{"@type":"ListItem","position":1,"name":"Home","item":"https:\/\/umi.dm.unibo.it\/congresso2023\/"},{"@type":"ListItem","position":2,"name":"Programma","item":"https:\/\/umi.dm.unibo.it\/congresso2023\/programma\/"},{"@type":"ListItem","position":3,"name":"Sezioni","item":"https:\/\/umi.dm.unibo.it\/congresso2023\/programma\/sezioni\/"},{"@type":"ListItem","position":4,"name":"S4 &#8211; Calcolo delle variazioni e controllo"}]},{"@type":"WebSite","@id":"https:\/\/umi.dm.unibo.it\/congresso2023\/#website","url":"https:\/\/umi.dm.unibo.it\/congresso2023\/","name":"Congresso UMI 2023","description":"Un nuovo sito targato WordPress","potentialAction":[{"@type":"SearchAction","target":{"@type":"EntryPoint","urlTemplate":"https:\/\/umi.dm.unibo.it\/congresso2023\/?s={search_term_string}"},"query-input":"required name=search_term_string"}],"inLanguage":"it-IT"}]}},"_links":{"self":[{"href":"https:\/\/umi.dm.unibo.it\/congresso2023\/wp-json\/wp\/v2\/pages\/1525"}],"collection":[{"href":"https:\/\/umi.dm.unibo.it\/congresso2023\/wp-json\/wp\/v2\/pages"}],"about":[{"href":"https:\/\/umi.dm.unibo.it\/congresso2023\/wp-json\/wp\/v2\/types\/page"}],"author":[{"embeddable":true,"href":"https:\/\/umi.dm.unibo.it\/congresso2023\/wp-json\/wp\/v2\/users\/3"}],"replies":[{"embeddable":true,"href":"https:\/\/umi.dm.unibo.it\/congresso2023\/wp-json\/wp\/v2\/comments?post=1525"}],"version-history":[{"count":14,"href":"https:\/\/umi.dm.unibo.it\/congresso2023\/wp-json\/wp\/v2\/pages\/1525\/revisions"}],"predecessor-version":[{"id":6057,"href":"https:\/\/umi.dm.unibo.it\/congresso2023\/wp-json\/wp\/v2\/pages\/1525\/revisions\/6057"}],"up":[{"embeddable":true,"href":"https:\/\/umi.dm.unibo.it\/congresso2023\/wp-json\/wp\/v2\/pages\/205"}],"wp:attachment":[{"href":"https:\/\/umi.dm.unibo.it\/congresso2023\/wp-json\/wp\/v2\/media?parent=1525"}],"curies":[{"name":"wp","href":"https:\/\/api.w.org\/{rel}","templated":true}]}}